{"id":23,"date":"2025-05-16T13:46:51","date_gmt":"2025-05-16T11:46:51","guid":{"rendered":"https:\/\/apancm.ovh\/?page_id=23"},"modified":"2025-09-15T13:37:35","modified_gmt":"2025-09-15T11:37:35","slug":"evenements","status":"publish","type":"page","link":"https:\/\/apancm.org\/index.php\/evenements\/","title":{"rendered":"\u00c9v\u00e8nements"},"content":{"rendered":"\t\t<div data-elementor-type=\"wp-page\" data-elementor-id=\"23\" class=\"elementor elementor-23\">\n\t\t\t\t<div class=\"elementor-element elementor-element-59ee9f4 e-flex e-con-boxed e-con e-parent\" data-id=\"59ee9f4\" data-element_type=\"container\">\n\t\t\t\t\t<div class=\"e-con-inner\">\n\t\t\t\t<div class=\"elementor-element elementor-element-46de5d8 elementor-widget elementor-widget-heading\" data-id=\"46de5d8\" data-element_type=\"widget\" data-widget_type=\"heading.default\">\n\t\t\t\t<div class=\"elementor-widget-container\">\n\t\t\t\t\t<h2 class=\"elementor-heading-title elementor-size-default\">Salon D\u00e9partemental de l'Artisanat du Wouri - 2025<\/h2>\t\t\t\t<\/div>\n\t\t\t\t<\/div>\n\t\t\t\t\t<\/div>\n\t\t\t\t<\/div>\n\t\t<div class=\"elementor-element elementor-element-5d5b898 e-flex e-con-boxed e-con e-parent\" data-id=\"5d5b898\" data-element_type=\"container\">\n\t\t\t\t\t<div class=\"e-con-inner\">\n\t\t<div class=\"elementor-element elementor-element-3fb78b4 e-con-full e-flex e-con e-child\" data-id=\"3fb78b4\" data-element_type=\"container\">\n\t\t\t\t<div class=\"elementor-element elementor-element-6ed2cc0 elementor-widget elementor-widget-image\" data-id=\"6ed2cc0\" data-element_type=\"widget\" data-widget_type=\"image.default\">\n\t\t\t\t<div class=\"elementor-widget-container\">\n\t\t\t\t\t\t\t\t\t\t\t\t\t\t\t<img fetchpriority=\"high\" decoding=\"async\" width=\"724\" height=\"1024\" src=\"https:\/\/apancm.org\/wp-content\/uploads\/2025\/09\/WhatsApp-Image-2025-09-14-a-21.01.07_1fd399cc-724x1024.jpg\" class=\"attachment-large size-large wp-image-357\" alt=\"\" srcset=\"https:\/\/apancm.org\/wp-content\/uploads\/2025\/09\/WhatsApp-Image-2025-09-14-a-21.01.07_1fd399cc-724x1024.jpg 724w, https:\/\/apancm.org\/wp-content\/uploads\/2025\/09\/WhatsApp-Image-2025-09-14-a-21.01.07_1fd399cc-212x300.jpg 212w, https:\/\/apancm.org\/wp-content\/uploads\/2025\/09\/WhatsApp-Image-2025-09-14-a-21.01.07_1fd399cc-768x1086.jpg 768w, https:\/\/apancm.org\/wp-content\/uploads\/2025\/09\/WhatsApp-Image-2025-09-14-a-21.01.07_1fd399cc-1086x1536.jpg 1086w, https:\/\/apancm.org\/wp-content\/uploads\/2025\/09\/WhatsApp-Image-2025-09-14-a-21.01.07_1fd399cc-700x990.jpg 700w, https:\/\/apancm.org\/wp-content\/uploads\/2025\/09\/WhatsApp-Image-2025-09-14-a-21.01.07_1fd399cc.jpg 1131w\" sizes=\"(max-width: 724px) 100vw, 724px\" \/>\t\t\t\t\t\t\t\t\t\t\t\t\t\t\t<\/div>\n\t\t\t\t<\/div>\n\t\t\t\t<\/div>\n\t\t<div class=\"elementor-element elementor-element-605e420 e-con-full e-flex e-con e-child\" data-id=\"605e420\" data-element_type=\"container\">\n\t\t\t\t<div class=\"elementor-element elementor-element-1aa1b17 elementor-widget elementor-widget-text-editor\" data-id=\"1aa1b17\" data-element_type=\"widget\" data-widget_type=\"text-editor.default\">\n\t\t\t\t<div class=\"elementor-widget-container\">\n\t\t\t\t\t\t\t\t\t<p>\ud83c\udf89 <strong>Retour sur la 8\u00e8me \u00e9dition du Salon D\u00e9partemental de l\u2019Artisanat du Wouri (SADAW)\u2013 Douala, Septembre 2025<\/strong> \ud83c\udf89<\/p><p>Du <strong>4 au 6 septembre 2025<\/strong>, l\u2019 ONG APAN a pris part au SADAW 2025, qui s&rsquo;est tenu au Parcours Vita \u00e0 Douala. Aux c\u00f4t\u00e9s de 60 acteurs de l&rsquo;artisanat local, nous avons valoris\u00e9 le savoir-faire artisanal durable et \u00e9coresponsable.<\/p><p>\ud83d\udccc Notre stand a mis en avant des cr\u00e9ations uniques : <br \/>\u00a0 \u00a0 \u00a0\u267b Des bouteilles recycl\u00e9es et d\u00e9cor\u00e9es, <br \/>\u00a0 \u00a0 \u00a0\ud83c\udf3f Des centres de table et pots en plastique orn\u00e9s de raphia, <br \/>\u00a0 \u00a0 \ud83e\udeb4 Des pots de fleurs issus de d\u00e9chets plastiques transform\u00e9s, <br \/>\u00a0 \u00a0 \ud83d\udca1 Et en grande innovation : <em><strong>un banc public enti\u00e8rement con\u00e7u \u00e0 partir de d\u00e9chets plastiques<\/strong><\/em>.<\/p><p>\ud83d\udc65 Ce rendez-vous a \u00e9galement \u00e9t\u00e9 marqu\u00e9 par : <br \/>\u00a0 \u00a0 &#8211; La visite de hautes autorit\u00e9s : le Pr\u00e9fet du Wouri, d\u00e9l\u00e9gu\u00e9s d\u00e9partementaux et r\u00e9gionaux, forces de l\u2019ordre ; <br \/>\u00a0 \u00a0 &#8211; L\u2019achat symbolique de deux de nos cr\u00e9ations par un officier de police, <br \/>\u00a0 \u00a0 &#8211; La pr\u00e9sence de journalistes de l&rsquo;association AIVARA, int\u00e9ress\u00e9s par un mini-reportage et une \u00e9mission \u00e0 venir, <br \/>\u00a0 \u00a0 &#8211; Une formation digitale enrichissante offerte aux artisans pr\u00e9sents, <br \/>\u00a0 \u00a0 &#8211; Un jury de s\u00e9lection ayant class\u00e9 l\u2019APAN \u00e0 la 27\u1d49 place, avec une qualification pour la foire r\u00e9gionale.<\/p><p>\ud83c\udfc6 La cl\u00f4ture s\u2019est faite avec la remise des attestations \u00e0 chaque participant.<\/p><p>\ud83c\udf89 <strong>Merci \u00e0 tous ceux qui sont pass\u00e9s \u00e0 notre stand &#8211; notamment les 9 visiteurs ayant emport\u00e9 nos flyers d&rsquo;informations. <\/strong><br \/><strong>Nous continuons \u00e0 croire en un artisanat durable, innovant et valorisant pour nos communaut\u00e9s.<\/strong><\/p>\t\t\t\t\t\t\t\t<\/div>\n\t\t\t\t<\/div>\n\t\t\t\t<\/div>\n\t\t\t\t\t<\/div>\n\t\t\t\t<\/div>\n\t\t<div class=\"elementor-element elementor-element-192b3a0 e-flex e-con-boxed e-con e-parent\" data-id=\"192b3a0\" data-element_type=\"container\">\n\t\t\t\t\t<div class=\"e-con-inner\">\n\t\t\t\t<div class=\"elementor-element elementor-element-7ddb1ec elementor-widget elementor-widget-heading\" data-id=\"7ddb1ec\" data-element_type=\"widget\" data-widget_type=\"heading.default\">\n\t\t\t\t<div class=\"elementor-widget-container\">\n\t\t\t\t\t<h5 class=\"elementor-heading-title elementor-size-default\">Aper\u00e7u en images de notre pr\u00e9sence au Salon<\/h5>\t\t\t\t<\/div>\n\t\t\t\t<\/div>\n\t\t\t\t\t<\/div>\n\t\t\t\t<\/div>\n\t\t<div class=\"elementor-element elementor-element-934b6c1 e-flex e-con-boxed e-con e-parent\" data-id=\"934b6c1\" data-element_type=\"container\">\n\t\t\t\t\t<div class=\"e-con-inner\">\n\t\t\t\t<div class=\"elementor-element elementor-element-120776c elementor-arrows-position-inside elementor-pagination-position-outside elementor-widget elementor-widget-image-carousel\" data-id=\"120776c\" data-element_type=\"widget\" data-settings=\"{&quot;navigation&quot;:&quot;both&quot;,&quot;autoplay&quot;:&quot;yes&quot;,&quot;pause_on_hover&quot;:&quot;yes&quot;,&quot;pause_on_interaction&quot;:&quot;yes&quot;,&quot;autoplay_speed&quot;:5000,&quot;infinite&quot;:&quot;yes&quot;,&quot;speed&quot;:500}\" data-widget_type=\"image-carousel.default\">\n\t\t\t\t<div class=\"elementor-widget-container\">\n\t\t\t\t\t\t\t<div class=\"elementor-image-carousel-wrapper swiper\" role=\"region\" aria-roledescription=\"carousel\" aria-label=\"SADAW 2025\" dir=\"ltr\">\n\t\t\t<div class=\"elementor-image-carousel swiper-wrapper\" aria-live=\"off\">\n\t\t\t\t\t\t\t\t<div class=\"swiper-slide\" role=\"group\" aria-roledescription=\"slide\" aria-label=\"1 sur 10\"><figure class=\"swiper-slide-inner\"><img decoding=\"async\" class=\"swiper-slide-image\" src=\"https:\/\/apancm.org\/wp-content\/uploads\/2025\/09\/IMG-20250907-WA0097-500x600.jpg\" alt=\"Notre pavillon\" \/><figcaption class=\"elementor-image-carousel-caption\">Notre pavillon<\/figcaption><\/figure><\/div><div class=\"swiper-slide\" role=\"group\" aria-roledescription=\"slide\" aria-label=\"2 sur 10\"><figure class=\"swiper-slide-inner\"><img decoding=\"async\" class=\"swiper-slide-image\" src=\"https:\/\/apancm.org\/wp-content\/uploads\/2025\/09\/IMG-20250907-WA0116-500x600.jpg\" alt=\"Mme Christiane MINKO, Responsable Artistique \u00e0 l&#039;APAN\" \/><figcaption class=\"elementor-image-carousel-caption\">Mme Christiane MINKO, Responsable Artistique \u00e0 l'APAN<\/figcaption><\/figure><\/div><div class=\"swiper-slide\" role=\"group\" aria-roledescription=\"slide\" aria-label=\"3 sur 10\"><figure class=\"swiper-slide-inner\"><img decoding=\"async\" class=\"swiper-slide-image\" src=\"https:\/\/apancm.org\/wp-content\/uploads\/2025\/09\/IMG-20250907-WA0089-500x600.jpg\" alt=\"Mme la Responsable Artistique, enthousiaste au Salon\" \/><figcaption class=\"elementor-image-carousel-caption\">Mme la Responsable Artistique, enthousiaste au Salon<\/figcaption><\/figure><\/div><div class=\"swiper-slide\" role=\"group\" aria-roledescription=\"slide\" aria-label=\"4 sur 10\"><figure class=\"swiper-slide-inner\"><img decoding=\"async\" class=\"swiper-slide-image\" src=\"https:\/\/apancm.org\/wp-content\/uploads\/2025\/09\/IMG-20250907-WA0110-500x600.jpg\" alt=\"Nos bouteilles plastiques recycl\u00e9es et d\u00e9cor\u00e9es\" \/><figcaption class=\"elementor-image-carousel-caption\">Nos bouteilles plastiques recycl\u00e9es et d\u00e9cor\u00e9es<\/figcaption><\/figure><\/div><div class=\"swiper-slide\" role=\"group\" aria-roledescription=\"slide\" aria-label=\"5 sur 10\"><figure class=\"swiper-slide-inner\"><img decoding=\"async\" class=\"swiper-slide-image\" src=\"https:\/\/apancm.org\/wp-content\/uploads\/2025\/09\/IMG-20250907-WA0091-500x600.jpg\" alt=\"Des centres de table en raphia, des pots et des bouteilles en plastique\" \/><figcaption class=\"elementor-image-carousel-caption\">Des centres de table en raphia, des pots et des bouteilles en plastique<\/figcaption><\/figure><\/div><div class=\"swiper-slide\" role=\"group\" aria-roledescription=\"slide\" aria-label=\"6 sur 10\"><figure class=\"swiper-slide-inner\"><img decoding=\"async\" class=\"swiper-slide-image\" src=\"https:\/\/apancm.org\/wp-content\/uploads\/2025\/09\/IMG-20250907-WA0108-500x600.jpg\" alt=\"Visite de journalistes de l&#039;association AIVARA\" \/><figcaption class=\"elementor-image-carousel-caption\">Visite de journalistes de l'association AIVARA<\/figcaption><\/figure><\/div><div class=\"swiper-slide\" role=\"group\" aria-roledescription=\"slide\" aria-label=\"7 sur 10\"><figure class=\"swiper-slide-inner\"><img decoding=\"async\" class=\"swiper-slide-image\" src=\"https:\/\/apancm.org\/wp-content\/uploads\/2025\/09\/IMG-20250905-WA0063-500x600.jpg\" alt=\"Notre banc public\" \/><figcaption class=\"elementor-image-carousel-caption\">Notre banc public<\/figcaption><\/figure><\/div><div class=\"swiper-slide\" role=\"group\" aria-roledescription=\"slide\" aria-label=\"8 sur 10\"><figure class=\"swiper-slide-inner\"><img decoding=\"async\" class=\"swiper-slide-image\" src=\"https:\/\/apancm.org\/wp-content\/uploads\/2025\/09\/WhatsApp-Image-2025-09-05-a-16.30.10_db4fc2d3-500x600.jpg\" alt=\"Mme la Pr\u00e9sidente de l&#039;APAN assise sur le banc public\" \/><figcaption class=\"elementor-image-carousel-caption\">Mme la Pr\u00e9sidente de l'APAN assise sur le banc public<\/figcaption><\/figure><\/div><div class=\"swiper-slide\" role=\"group\" aria-roledescription=\"slide\" aria-label=\"9 sur 10\"><figure class=\"swiper-slide-inner\"><img decoding=\"async\" class=\"swiper-slide-image\" src=\"https:\/\/apancm.org\/wp-content\/uploads\/2025\/09\/IMG-20250907-WA0105-500x600.jpg\" alt=\"Deux grands pots de fleurs faits avec des d\u00e9chets plastiques\" \/><figcaption class=\"elementor-image-carousel-caption\">Deux grands pots de fleurs faits avec des d\u00e9chets plastiques<\/figcaption><\/figure><\/div><div class=\"swiper-slide\" role=\"group\" aria-roledescription=\"slide\" aria-label=\"10 sur 10\"><figure class=\"swiper-slide-inner\"><img decoding=\"async\" class=\"swiper-slide-image\" src=\"https:\/\/apancm.org\/wp-content\/uploads\/2025\/09\/IMG-20250907-WA0114-500x600.jpg\" alt=\"Des petits pots de fleurs faits de d\u00e9chets plastiques\" \/><figcaption class=\"elementor-image-carousel-caption\">Des petits pots de fleurs faits de d\u00e9chets plastiques<\/figcaption><\/figure><\/div>\t\t\t<\/div>\n\t\t\t\t\t\t\t\t\t\t\t\t<div class=\"elementor-swiper-button elementor-swiper-button-prev\" role=\"button\" tabindex=\"0\">\n\t\t\t\t\t\t<svg aria-hidden=\"true\" class=\"e-font-icon-svg e-eicon-chevron-left\" viewBox=\"0 0 1000 1000\" xmlns=\"http:\/\/www.w3.org\/2000\/svg\"><path d=\"M646 125C629 125 613 133 604 142L308 442C296 454 292 471 292 487 292 504 296 521 308 533L604 854C617 867 629 875 646 875 663 875 679 871 692 858 704 846 713 829 713 812 713 796 708 779 692 767L438 487 692 225C700 217 708 204 708 187 708 171 704 154 692 142 675 129 663 125 646 125Z\"><\/path><\/svg>\t\t\t\t\t<\/div>\n\t\t\t\t\t<div class=\"elementor-swiper-button elementor-swiper-button-next\" role=\"button\" tabindex=\"0\">\n\t\t\t\t\t\t<svg aria-hidden=\"true\" class=\"e-font-icon-svg e-eicon-chevron-right\" viewBox=\"0 0 1000 1000\" xmlns=\"http:\/\/www.w3.org\/2000\/svg\"><path d=\"M696 533C708 521 713 504 713 487 713 471 708 454 696 446L400 146C388 133 375 125 354 125 338 125 325 129 313 142 300 154 292 171 292 187 292 204 296 221 308 233L563 492 304 771C292 783 288 800 288 817 288 833 296 850 308 863 321 871 338 875 354 875 371 875 388 867 400 854L696 533Z\"><\/path><\/svg>\t\t\t\t\t<\/div>\n\t\t\t\t\n\t\t\t\t\t\t\t\t\t<div class=\"swiper-pagination\"><\/div>\n\t\t\t\t\t\t\t\t\t<\/div>\n\t\t\t\t\t\t<\/div>\n\t\t\t\t<\/div>\n\t\t\t\t\t<\/div>\n\t\t\t\t<\/div>\n\t\t\t\t<\/div>\n\t\t","protected":false},"excerpt":{"rendered":"<p>Salon D\u00e9partemental de l&rsquo;Artisanat du Wouri &#8211; 2025 \ud83c\udf89 Retour sur la 8\u00e8me \u00e9dition du Salon D\u00e9partemental de l\u2019Artisanat du Wouri (SADAW)\u2013 Douala, Septembre 2025 \ud83c\udf89 Du 4 au 6 septembre 2025, l\u2019 ONG APAN a pris part au SADAW 2025, qui s&rsquo;est tenu au Parcours Vita \u00e0 Douala. Aux c\u00f4t\u00e9s de 60 acteurs de [&hellip;]<\/p>\n","protected":false},"author":1,"featured_media":0,"parent":0,"menu_order":0,"comment_status":"closed","ping_status":"closed","template":"","meta":{"footnotes":""},"class_list":["post-23","page","type-page","status-publish","hentry"],"_links":{"self":[{"href":"https:\/\/apancm.org\/index.php\/wp-json\/wp\/v2\/pages\/23","targetHints":{"allow":["GET"]}}],"collection":[{"href":"https:\/\/apancm.org\/index.php\/wp-json\/wp\/v2\/pages"}],"about":[{"href":"https:\/\/apancm.org\/index.php\/wp-json\/wp\/v2\/types\/page"}],"author":[{"embeddable":true,"href":"https:\/\/apancm.org\/index.php\/wp-json\/wp\/v2\/users\/1"}],"replies":[{"embeddable":true,"href":"https:\/\/apancm.org\/index.php\/wp-json\/wp\/v2\/comments?post=23"}],"version-history":[{"count":5,"href":"https:\/\/apancm.org\/index.php\/wp-json\/wp\/v2\/pages\/23\/revisions"}],"predecessor-version":[{"id":400,"href":"https:\/\/apancm.org\/index.php\/wp-json\/wp\/v2\/pages\/23\/revisions\/400"}],"wp:attachment":[{"href":"https:\/\/apancm.org\/index.php\/wp-json\/wp\/v2\/media?parent=23"}],"curies":[{"name":"wp","href":"https:\/\/api.w.org\/{rel}","templated":true}]}}